{"id":7318,"date":"2026-07-16T07:35:18","date_gmt":"2026-07-16T11:35:18","guid":{"rendered":"https:\/\/westindies-assistance.com\/rapatriements-sanitaires\/ambulance-aerienne\/"},"modified":"2026-08-04T11:03:44","modified_gmt":"2026-08-04T15:03:44","slug":"ambulance-aerienne","status":"publish","type":"page","link":"https:\/\/westindies-assistance.com\/fr\/rapatriements-sanitaires\/transport-solutions\/ambulance-aerienne\/","title":{"rendered":"Services de transport m\u00e9dical ambulance a\u00e9rienne depuis les Cara\u00efbes"},"content":{"rendered":"\t\t<div data-elementor-type=\"wp-page\" data-elementor-id=\"7318\" class=\"elementor elementor-7318 elementor-7132\" data-elementor-post-type=\"page\">\n\t\t\t\t<div class=\"elementor-element elementor-element-383f347 container e-flex e-con-boxed e-con e-parent\" data-id=\"383f347\" data-element_type=\"container\" data-e-type=\"container\">\n\t\t\t\t\t<div class=\"e-con-inner\">\n\t\t<div class=\"elementor-element elementor-element-7e6e3e0 e-con-full e-flex e-con e-child\" data-id=\"7e6e3e0\" data-element_type=\"container\" data-e-type=\"container\">\n\t\t\t\t<div class=\"elementor-element elementor-element-00e16a8 elementor-widget elementor-widget-text-editor\" data-id=\"00e16a8\" data-element_type=\"widget\" data-e-type=\"widget\" data-widget_type=\"text-editor.default\">\n\t\t\t\t<div class=\"elementor-widget-container\">\n\t\t\t\t\t\t\t\t\t<p>Un patient quittant le CHU de Martinique pour Paris voyage \u00e0 bord d\u2019Air France. Le m\u00eame patient, rentrant chez lui dans une ville non desservie par Air France, a besoin d\u2019une solution diff\u00e9rente pour la seconde \u00e9tape. C\u2019est \u00e0 ce moment-l\u00e0 que WIA fait appel \u00e0 un op\u00e9rateur d\u2019ambulance a\u00e9rienne certifi\u00e9. L\u2019appareil atterrit l\u00e0 o\u00f9 les services commerciaux r\u00e9guliers ne peuvent pas.   <\/p><p>L\u2019ambulance a\u00e9rienne n\u2019est pas la r\u00e9ponse par d\u00e9faut de la WIA \u00e0 un cas grave. C\u2019est l\u2019outil id\u00e9al lorsque la destination ou l\u2019itin\u00e9raire rend une solution commerciale impossible. Cette page explique quand cela s\u2019applique et comment se d\u00e9roule le processus de coordination du premier appel \u00e0 la remise de la rel\u00e8ve.  <\/p>\t\t\t\t\t\t\t\t<\/div>\n\t\t\t\t<\/div>\n\t\t<div class=\"elementor-element elementor-element-79bb785 e-con-full e-flex e-con e-child\" data-id=\"79bb785\" data-element_type=\"container\" data-e-type=\"container\">\n\t\t\t\t<div class=\"elementor-element elementor-element-1476199 elementor-widget elementor-widget-button\" data-id=\"1476199\" data-element_type=\"widget\" data-e-type=\"widget\" data-widget_type=\"button.default\">\n\t\t\t\t<div class=\"elementor-widget-container\">\n\t\t\t\t\t\t\t\t\t<div class=\"elementor-button-wrapper\">\n\t\t\t\t\t<a class=\"elementor-button elementor-button-link elementor-size-sm\" href=\"https:\/\/westindies-assistance.com\/en\/contact\/emergency\">\n\t\t\t\t\t\t<span class=\"elementor-button-content-wrapper\">\n\t\t\t\t\t\t\t\t\t<span class=\"elementor-button-text\">Demandez une \u00e9valuation d\u2019une ambulance a\u00e9rienne \u2014 disponible 24h\/24 et 7j\/7<\/span>\n\t\t\t\t\t<\/span>\n\t\t\t\t\t<\/a>\n\t\t\t\t<\/div>\n\t\t\t\t\t\t\t\t<\/div>\n\t\t\t\t<\/div>\n\t\t\t\t<div class=\"elementor-element elementor-element-3ac8c16 elementor-widget elementor-widget-button\" data-id=\"3ac8c16\" data-element_type=\"widget\" data-e-type=\"widget\" data-widget_type=\"button.default\">\n\t\t\t\t<div class=\"elementor-widget-container\">\n\t\t\t\t\t\t\t\t\t<div class=\"elementor-button-wrapper\">\n\t\t\t\t\t<a class=\"elementor-button elementor-button-link elementor-size-sm\" href=\"https:\/\/westindies-assistance.com\/fr\/rapatriements-sanitaires\/transport-solutions\/\">\n\t\t\t\t\t\t<span class=\"elementor-button-content-wrapper\">\n\t\t\t\t\t\t\t\t\t<span class=\"elementor-button-text\">Comparez toutes les options de transport<\/span>\n\t\t\t\t\t<\/span>\n\t\t\t\t\t<\/a>\n\t\t\t\t<\/div>\n\t\t\t\t\t\t\t\t<\/div>\n\t\t\t\t<\/div>\n\t\t\t\t<\/div>\n\t\t\t\t<\/div>\n\t\t\t\t\t<\/div>\n\t\t\t\t<\/div>\n\t\t<div class=\"elementor-element elementor-element-c426053 e-flex e-con-boxed e-con e-parent\" data-id=\"c426053\" data-element_type=\"container\" data-e-type=\"container\">\n\t\t\t\t\t<div class=\"e-con-inner\">\n\t\t\t\t<div class=\"elementor-element elementor-element-6329510 elementor-widget elementor-widget-text-editor\" data-id=\"6329510\" data-element_type=\"widget\" data-e-type=\"widget\" data-widget_type=\"text-editor.default\">\n\t\t\t\t<div class=\"elementor-widget-container\">\n\t\t\t\t\t\t\t\t\t<h2>Qu\u2019est-ce que les services m\u00e9dicaux de vol en ambulance a\u00e9rienne ?<\/h2>\t\t\t\t\t\t\t\t<\/div>\n\t\t\t\t<\/div>\n\t\t\t\t<div class=\"elementor-element elementor-element-888ba59 elementor-widget elementor-widget-text-editor\" data-id=\"888ba59\" data-element_type=\"widget\" data-e-type=\"widget\" data-widget_type=\"text-editor.default\">\n\t\t\t\t<div class=\"elementor-widget-container\">\n\t\t\t\t\t\t\t\t\t<p>Une ambulance a\u00e9rienne est un a\u00e9ronef m\u00e9dical d\u00e9di\u00e9, op\u00e9r\u00e9 par un \u00e9quipage certifi\u00e9 de professionnels de sant\u00e9 : un m\u00e9decin de vol, une infirmi\u00e8re de vol et, lorsque cliniquement n\u00e9cessaire, un sp\u00e9cialiste du transport a\u00e9rien de soins critiques. L\u2019appareil transporte du mat\u00e9riel m\u00e9dical configur\u00e9 selon les besoins du patient : ventilateur, moniteur cardiaque, d\u00e9fibrillateur, pompes \u00e0 perfusion, r\u00e9serve d\u2019oxyg\u00e8ne et m\u00e9dicaments d\u2019urgence. L\u2019ensemble de l\u2019appareil est engag\u00e9 aupr\u00e8s d\u2019un seul patient.  <\/p>\t\t\t\t\t\t\t\t<\/div>\n\t\t\t\t<\/div>\n\t\t<div class=\"elementor-element elementor-element-59748b6 e-con-full e-flex e-con e-child\" data-id=\"59748b6\" data-element_type=\"container\" data-e-type=\"container\">\n\t\t\t\t<div class=\"elementor-element elementor-element-d18e130 elementor-widget__width-inherit elementor-widget elementor-widget-image\" data-id=\"d18e130\" data-element_type=\"widget\" data-e-type=\"widget\" data-widget_type=\"image.default\">\n\t\t\t\t<div class=\"elementor-widget-container\">\n\t\t\t\t\t\t\t\t\t\t\t\t\t\t\t<img fetchpriority=\"high\" decoding=\"async\" width=\"525\" height=\"295\" src=\"https:\/\/westindies-assistance.com\/wp-content\/uploads\/2026\/07\/Air-ambulance-medical-transport-2-1024x576.jpg\" class=\"attachment-large size-large wp-image-7320\" alt=\"Int\u00e9rieur de l\u2019avion ambulance a\u00e9rienne : ventilateur, moniteur cardiaque et civi\u00e8re configur\u00e9s pour le transport intercontinental de patients depuis les Cara\u00efbes\" srcset=\"https:\/\/westindies-assistance.com\/wp-content\/uploads\/2026\/07\/Air-ambulance-medical-transport-2-1024x576.jpg 1024w, https:\/\/westindies-assistance.com\/wp-content\/uploads\/2026\/07\/Air-ambulance-medical-transport-2-300x169.jpg 300w, https:\/\/westindies-assistance.com\/wp-content\/uploads\/2026\/07\/Air-ambulance-medical-transport-2-768x432.jpg 768w, https:\/\/westindies-assistance.com\/wp-content\/uploads\/2026\/07\/Air-ambulance-medical-transport-2-1536x864.jpg 1536w, https:\/\/westindies-assistance.com\/wp-content\/uploads\/2026\/07\/Air-ambulance-medical-transport-2.jpg 1672w\" sizes=\"(max-width: 525px) 100vw, 525px\" \/>\t\t\t\t\t\t\t\t\t\t\t\t\t\t\t<\/div>\n\t\t\t\t<\/div>\n\t\t\t\t<div class=\"elementor-element elementor-element-da37d39 elementor-widget__width-inherit elementor-widget elementor-widget-image\" data-id=\"da37d39\" data-element_type=\"widget\" data-e-type=\"widget\" data-widget_type=\"image.default\">\n\t\t\t\t<div class=\"elementor-widget-container\">\n\t\t\t\t\t\t\t\t\t\t\t\t\t\t\t<img decoding=\"async\" width=\"525\" height=\"295\" src=\"https:\/\/westindies-assistance.com\/wp-content\/uploads\/2026\/07\/Air-ambulance-medical-transport-3-1024x576.jpg\" class=\"attachment-large size-large wp-image-7321\" alt=\"\u00c9quipe m\u00e9dicale certifi\u00e9e ambulance a\u00e9rienne pr\u00e9parant le mat\u00e9riel avant le d\u00e9part de l\u2019a\u00e9roport international Aim\u00e9 C\u00e9saire, Fort-de-France, Martinique\" srcset=\"https:\/\/westindies-assistance.com\/wp-content\/uploads\/2026\/07\/Air-ambulance-medical-transport-3-1024x576.jpg 1024w, https:\/\/westindies-assistance.com\/wp-content\/uploads\/2026\/07\/Air-ambulance-medical-transport-3-300x169.jpg 300w, https:\/\/westindies-assistance.com\/wp-content\/uploads\/2026\/07\/Air-ambulance-medical-transport-3-768x432.jpg 768w, https:\/\/westindies-assistance.com\/wp-content\/uploads\/2026\/07\/Air-ambulance-medical-transport-3-1536x864.jpg 1536w, https:\/\/westindies-assistance.com\/wp-content\/uploads\/2026\/07\/Air-ambulance-medical-transport-3.jpg 1672w\" sizes=\"(max-width: 525px) 100vw, 525px\" \/>\t\t\t\t\t\t\t\t\t\t\t\t\t\t\t<\/div>\n\t\t\t\t<\/div>\n\t\t\t\t<\/div>\n\t\t\t\t<div class=\"elementor-element elementor-element-361c429 elementor-widget elementor-widget-text-editor\" data-id=\"361c429\" data-element_type=\"widget\" data-e-type=\"widget\" data-widget_type=\"text-editor.default\">\n\t\t\t\t<div class=\"elementor-widget-container\">\n\t\t\t\t\t\t\t\t\t<p>WIA travaille avec des op\u00e9rateurs d\u2019ambulance a\u00e9rienne certifi\u00e9s s\u00e9lectionn\u00e9s selon le type d\u2019appareil, le mat\u00e9riel m\u00e9dical, les qualifications de l\u2019\u00e9quipage et le champ de tir. L\u2019op\u00e9rateur adapt\u00e9 \u00e0 un transfert des Cara\u00efbes vers l\u2019Europe diff\u00e8re de celui utilis\u00e9 pour une mission urgente intra-cara\u00efbe. <\/p>\t\t\t\t\t\t\t\t<\/div>\n\t\t\t\t<\/div>\n\t\t\t\t\t<\/div>\n\t\t\t\t<\/div>\n\t\t<div class=\"elementor-element elementor-element-c496d48 e-flex e-con-boxed e-con e-parent\" data-id=\"c496d48\" data-element_type=\"container\" data-e-type=\"container\">\n\t\t\t\t\t<div class=\"e-con-inner\">\n\t\t\t\t<div class=\"elementor-element elementor-element-e36abe3 elementor-widget elementor-widget-text-editor\" data-id=\"e36abe3\" data-element_type=\"widget\" data-e-type=\"widget\" data-widget_type=\"text-editor.default\">\n\t\t\t\t<div class=\"elementor-widget-container\">\n\t\t\t\t\t\t\t\t\t<h2>Transport en ambulance a\u00e9rienne : lorsque la destination n\u00e9cessite un avion d\u00e9di\u00e9<\/h2>\t\t\t\t\t\t\t\t<\/div>\n\t\t\t\t<\/div>\n\t\t\t\t<div class=\"elementor-element elementor-element-d7e77f1 elementor-widget elementor-widget-text-editor\" data-id=\"d7e77f1\" data-element_type=\"widget\" data-e-type=\"widget\" data-widget_type=\"text-editor.default\">\n\t\t\t\t<div class=\"elementor-widget-container\">\n\t\t\t\t\t\t\t\t\t<p>WIA \u00e9value d\u2019abord une solution commerciale pour chaque cas. La civi\u00e8re commerciale est l\u2019expertise principale de la WIA et peut transporter des patients de tous niveaux de gravit\u00e9, y compris les patients intub\u00e9s et ventil\u00e9s, \u00e0 condition que la destination soit desservie par Air France ou un transporteur \u00e9quivalent. Les services d\u2019ambulance a\u00e9rienne interviennent lorsque cette condition n\u2019est pas remplie.  <\/p><h3>Services d\u2019ambulance a\u00e9rienne : l\u2019accessibilit\u00e9 des itin\u00e9raires est le facteur principal<\/h3><p>Un patient rentrant chez lui \u00e0 une destination pr\u00e8s d\u2019un petit a\u00e9roport r\u00e9gional rencontre un probl\u00e8me pratique : aucun brancard a\u00e9rien commercial n\u2019est disponible sur cette ligne. Une ambulance a\u00e9rienne atteint des a\u00e9roports que les compagnies a\u00e9riennes r\u00e9guli\u00e8res ne peuvent pas. WIA utilise \u00e9galement des partenaires d\u2019ambulance a\u00e9rienne pour le transport d\u2019urgence d\u2019aile \u00e0 aile : lorsqu\u2019un patient arrive \u00e0 Paris Charles de Gaulle sur un vol de rapatriement depuis la Martinique et a besoin d\u2019un second tron\u00e7on d\u00e9di\u00e9 vers un a\u00e9roport plus petit, un op\u00e9rateur certifi\u00e9 s\u2019occupe de ce transfert.  <\/p><h3>Vols m\u00e9dicaux intra-carib\u00e9ens ambulance a\u00e9rienne<\/h3><p>Toutes les missions ne sont pas intercontinentales. Dans le bassin des Cara\u00efbes, le WIA coordonne les transferts urgents entre les \u00eeles lorsqu\u2019il n\u2019existe pas de route commerciale ad\u00e9quate. Un patient \u00e0 Saint-Martin ou \u00e0 la Barbade n\u00e9cessitant des soins sp\u00e9cialis\u00e9s au CHU de Martinique ne peut pas toujours attendre le prochain vol inter-\u00eeles pr\u00e9vu. Les services d\u2019ambulance a\u00e9rienne couvrent directement ce transfert, atterrissant dans de petits a\u00e9roports insulaires. Quelqu\u2019un rencontre le patient \u00e0 chaque \u00e9tape : les soins ne s\u2019arr\u00eatent pas \u00e0 l\u2019a\u00e9roport.    <\/p>\t\t\t\t\t\t\t\t<\/div>\n\t\t\t\t<\/div>\n\t\t\t\t<div class=\"elementor-element elementor-element-fc499f2 elementor-widget elementor-widget-image\" data-id=\"fc499f2\" data-element_type=\"widget\" data-e-type=\"widget\" data-widget_type=\"image.default\">\n\t\t\t\t<div class=\"elementor-widget-container\">\n\t\t\t\t\t\t\t\t\t\t\t\t\t\t\t<img decoding=\"async\" width=\"525\" height=\"295\" src=\"https:\/\/westindies-assistance.com\/wp-content\/uploads\/2026\/07\/Air-ambulance-medical-transport-4-1024x576.jpg\" class=\"attachment-large size-large wp-image-7322\" alt=\"Ambulance a\u00e9rienne atterrissant dans un petit a\u00e9roport insulaire des Cara\u00efbes pour un transfert urgent intra-carib\u00e9ens de patients \u00e0 la CHU de Martinique, Fort-de-France\" srcset=\"https:\/\/westindies-assistance.com\/wp-content\/uploads\/2026\/07\/Air-ambulance-medical-transport-4-1024x576.jpg 1024w, https:\/\/westindies-assistance.com\/wp-content\/uploads\/2026\/07\/Air-ambulance-medical-transport-4-300x169.jpg 300w, https:\/\/westindies-assistance.com\/wp-content\/uploads\/2026\/07\/Air-ambulance-medical-transport-4-768x432.jpg 768w, https:\/\/westindies-assistance.com\/wp-content\/uploads\/2026\/07\/Air-ambulance-medical-transport-4-1536x864.jpg 1536w, https:\/\/westindies-assistance.com\/wp-content\/uploads\/2026\/07\/Air-ambulance-medical-transport-4.jpg 1672w\" sizes=\"(max-width: 525px) 100vw, 525px\" \/>\t\t\t\t\t\t\t\t\t\t\t\t\t\t\t<\/div>\n\t\t\t\t<\/div>\n\t\t<div class=\"elementor-element elementor-element-8b7b755 e-con-full e-flex e-con e-child\" data-id=\"8b7b755\" data-element_type=\"container\" data-e-type=\"container\">\n\t\t\t\t<div class=\"elementor-element elementor-element-6de58d5 elementor-widget elementor-widget-text-editor\" data-id=\"6de58d5\" data-element_type=\"widget\" data-e-type=\"widget\" data-widget_type=\"text-editor.default\">\n\t\t\t\t<div class=\"elementor-widget-container\">\n\t\t\t\t\t\t\t\t\t<h3>Facteurs cliniques : \u00e9quipements m\u00e9dicaux et soins intensifs \u00e0 bord<\/h3><p>Une fois que la route justifie un avion d\u00e9di\u00e9, le tableau clinique d\u00e9termine la configuration. Le coordinateur de vol de WIA examine le dossier du patient aupr\u00e8s du m\u00e9decin traitant \u00e0 la CHU de Martinique ou CHU de Guadeloupe et informe l\u2019op\u00e9rateur exactement de l\u2019\u00e9quipement et de l\u2019\u00e9quipage dont le vol a besoin avant toute r\u00e9servation. Un patient n\u00e9cessitant des soins intensifs et une ventilation continue n\u00e9cessite un dispositif diff\u00e9rent de celui d\u2019un patient stable mais incapable de s\u2019asseoir droit.  <\/p><p>Air France fournit de l\u2019oxyg\u00e8ne de qualit\u00e9 m\u00e9dicale \u00e0 bord de ses vols commerciaux. Pour de nombreux patients, un service commercial avec une infirmi\u00e8re ou un m\u00e9decin exp\u00e9riment\u00e9 offre le m\u00eame niveau de soins qu\u2019un avion d\u00e9di\u00e9. L\u2019ambulance a\u00e9rienne emm\u00e8ne le patient plus loin quand la route l\u2019exige. Ce n\u2019est pas un meilleur environnement m\u00e9dical par d\u00e9faut.   <\/p>\t\t\t\t\t\t\t\t<\/div>\n\t\t\t\t<\/div>\n\t\t\t\t<div class=\"elementor-element elementor-element-8b26082 elementor-widget elementor-widget-text-editor\" data-id=\"8b26082\" data-element_type=\"widget\" data-e-type=\"widget\" data-widget_type=\"text-editor.default\">\n\t\t\t\t<div class=\"elementor-widget-container\">\n\t\t\t\t\t\t\t\t\t<p><strong>\u2192 <\/strong><a href=\"https:\/\/westindies-assistance.com\/en\/contact\/emergency\/\">Demande d\u2019\u00e9valuation d\u2019une ambulance a\u00e9rienne<\/a><\/p><p><strong>\u2192 <\/strong><a href=\"https:\/\/westindies-assistance.com\/en\/medical-repatriation\/transport-decision-process\/\">Comment le WIA d\u00e9cide-t-il entre ambulance a\u00e9rienne et civi\u00e8re commerciale<\/a><\/p>\t\t\t\t\t\t\t\t<\/div>\n\t\t\t\t<\/div>\n\t\t\t\t<\/div>\n\t\t\t\t\t<\/div>\n\t\t\t\t<\/div>\n\t\t<div class=\"elementor-element elementor-element-572d69b e-flex e-con-boxed e-con e-parent\" data-id=\"572d69b\" data-element_type=\"container\" data-e-type=\"container\">\n\t\t\t\t\t<div class=\"e-con-inner\">\n\t\t\t\t<div class=\"elementor-element elementor-element-9501ddc elementor-widget elementor-widget-text-editor\" data-id=\"9501ddc\" data-element_type=\"widget\" data-e-type=\"widget\" data-widget_type=\"text-editor.default\">\n\t\t\t\t<div class=\"elementor-widget-container\">\n\t\t\t\t\t\t\t\t\t<h2>Ambulance a\u00e9rienne vs. services m\u00e9dicaux commerciaux : guide de d\u00e9cision<\/h2>\nLorsque WIA recommande un avion d\u00e9di\u00e9 plut\u00f4t qu\u2019un service d\u2019escorte m\u00e9dicale commerciale.\t\t\t\t\t\t\t\t<\/div>\n\t\t\t\t<\/div>\n\t\t\t\t<div class=\"elementor-element elementor-element-5baa495 elementor-widget elementor-widget-text-editor\" data-id=\"5baa495\" data-element_type=\"widget\" data-e-type=\"widget\" data-widget_type=\"text-editor.default\">\n\t\t\t\t<div class=\"elementor-widget-container\">\n\t\t\t\t\t\t\t\t\t<table style=\"width: 100%; border-collapse: collapse; font-family: Arial, Helvetica, sans-serif; font-size: 14px;\">\n<thead>\n<tr style=\"background-color: #FF3300;\">\n<th style=\"text-align: left; padding: 14px 18px; color: #ffffff; border: 1px solid #ffffff; width: 50%; font-size: 15px;\">Utilise une ambulance a\u00e9rienne quand&#8230;<\/th>\n<th style=\"text-align: left; padding: 14px 18px; color: #ffffff; border: 1px solid #ffffff; width: 50%; font-size: 15px;\">Une solution commerciale est \u00e9valu\u00e9e en premier lorsque&#8230;<\/th>\n<\/tr>\n<\/thead>\n<tbody>\n<tr style=\"background-color: #edf1f3;\">\n<td style=\"padding: 14px 18px; border: 1px solid #dde3e6; vertical-align: top; color: #2d2d2d;\">La <u style=\"text-decoration-color: #EE4C1F;\">destination finale<\/u> se trouve pr\u00e8s d\u2019un petit a\u00e9roport r\u00e9gional non desservi par Air France ou des compagnies commerciales \u00e9quivalentes<\/td>\n<td style=\"padding: 14px 18px; border: 1px solid #dde3e6; vertical-align: top; color: #2d2d2d;\">La destination est desservie par un grand a\u00e9roport international via Air France ou une compagnie \u00e9quivalente<\/td>\n<\/tr>\n<tr style=\"background-color: #ffffff;\">\n<td style=\"padding: 14px 18px; border: 1px solid #dde3e6; vertical-align: top; color: #2d2d2d;\">Un transfert d\u2019aile \u00e0 aile est n\u00e9cessaire : le patient arrive par vol commercial mais a besoin d\u2019un second tron\u00e7on d\u00e9di\u00e9 vers un a\u00e9roport<\/td>\n plus petit<td style=\"padding: 14px 18px; border: 1px solid #dde3e6; vertical-align: top; color: #2d2d2d;\">Le patient peut voyager allong\u00e9 sur une configuration de brancard a\u00e9rien commercial lors d\u2019un service programm\u00e9<\/td>\n<\/tr>\n<tr style=\"background-color: #edf1f3;\">\n<td style=\"padding: 14px 18px; border: 1px solid #dde3e6; vertical-align: top; color: #2d2d2d;\">Aucun d\u00e9part commercial n\u2019est possible dans un d\u00e9lai acceptable compte tenu de l\u2019\u00e9tat<\/td>\n clinique du patient<td style=\"padding: 14px 18px; border: 1px solid #dde3e6; vertical-align: top; color: #2d2d2d;\">Le patient est apte \u00e0 voler et peut voyager assis avec une escorte m\u00e9dicale \u00e0 bord<\/td>\n<\/tr>\n<tr style=\"background-color: #ffffff;\">\n<td style=\"padding: 14px 18px; border: 1px solid #dde3e6; vertical-align: top; color: #2d2d2d;\">Le patient n\u00e9cessite une intervention clinique active continue tout au long du vol, qui ne peut \u00eatre prise en charge par une infirmi\u00e8re accompagn\u00e9e seule<\/td>\n<td style=\"padding: 14px 18px; border: 1px solid #dde3e6; vertical-align: top; color: #2d2d2d;\">La complexit\u00e9 des horaires et des itin\u00e9raires peut \u00eatre g\u00e9r\u00e9e au sein du r\u00e9seau commercial<\/td>\n<\/tr>\n<\/tbody>\n<\/table>\t\t\t\t\t\t\t\t<\/div>\n\t\t\t\t<\/div>\n\t\t\t\t<div class=\"elementor-element elementor-element-255cb45 elementor-widget elementor-widget-text-editor\" data-id=\"255cb45\" data-element_type=\"widget\" data-e-type=\"widget\" data-widget_type=\"text-editor.default\">\n\t\t\t\t<div class=\"elementor-widget-container\">\n\t\t\t\t\t\t\t\t\t<p><strong>\u2192 <\/strong><a href=\"https:\/\/westindies-assistance.com\/en\/medical-repatriation\/transport-decision-process\/\">Processus d\u00e9cisionnel complet de transport et crit\u00e8res cliniques<\/a><\/p><p><strong>\u2192 <\/strong><a href=\"https:\/\/westindies-assistance.com\/fr\/rapatriements-sanitaires\/vols-commerciaux-sur-civiere\/\">Vols commerciaux sur civi\u00e8re : la solution centrale de rapatriement de WIA<\/a><\/p>\t\t\t\t\t\t\t\t<\/div>\n\t\t\t\t<\/div>\n\t\t\t\t\t<\/div>\n\t\t\t\t<\/div>\n\t\t<div class=\"elementor-element elementor-element-4f88a60 e-flex e-con-boxed e-con e-parent\" data-id=\"4f88a60\" data-element_type=\"container\" data-e-type=\"container\">\n\t\t\t\t\t<div class=\"e-con-inner\">\n\t\t\t\t<div class=\"elementor-element elementor-element-a8e1504 elementor-widget elementor-widget-text-editor\" data-id=\"a8e1504\" data-element_type=\"widget\" data-e-type=\"widget\" data-widget_type=\"text-editor.default\">\n\t\t\t\t<div class=\"elementor-widget-container\">\n\t\t\t\t\t\t\t\t\t<h2>Comment la WIA coordonne les services de transport m\u00e9dical d\u2019ambulance a\u00e9rienne<\/h2><h3>Du premier appel \u00e0 la remise m\u00e9dicale : coordination des transports d\u2019urgence<\/h3><p>Le coordinateur de vol de WIA, l\u2019\u00e9quipe m\u00e9dicale et la logistique au sol travaillent en parall\u00e8le d\u00e8s l\u2019ouverture d\u2019un dossier. Les services d\u2019\u00e9vacuation m\u00e9dicale et les missions d\u2019ambulance a\u00e9rienne suivent le m\u00eame processus structur\u00e9 <\/p>\t\t\t\t\t\t\t\t<\/div>\n\t\t\t\t<\/div>\n\t\t\t\t<div class=\"elementor-element elementor-element-55f0d25 elementor-widget elementor-widget-text-editor\" data-id=\"55f0d25\" data-element_type=\"widget\" data-e-type=\"widget\" data-widget_type=\"text-editor.default\">\n\t\t\t\t<div class=\"elementor-widget-container\">\n\t\t\t\t\t\t\t\t\t<table style=\"width:100%; border-collapse: collapse; font-family: Arial, Helvetica, sans-serif; font-size: 14px;\">\n  <thead>\n    <tr style=\"background-color: #14B8AE;\">\n       <th style=\"text-align: left; padding: 14px 18px; color: #ffffff; border: 1px solid #ffffff; width: 8%; font-size: 15px;\">\n \u00c9tape\n      <\/th>\n<th style=\"text-align: left; padding: 14px 18px; color: #ffffff; border: 1px solid #ffffff; width: 20%; font-size: 15px;\">\n\n      <\/th>\n<th style=\"text-align: left; padding: 14px 18px; color: #ffffff; border: 1px solid #ffffff; width: 72%; font-size: 15px;\">\n par \u00e9tapes : que se passe-t-il\n      <\/th>             \n    <\/tr>\n  <\/thead>\n  <tbody>\n    <tr style=\"background-color: #EDF1F3;\">\n      <td style=\"padding: 14px 18px; border: 1px solid #dde3e6; vertical-align: top; color: #2D2D2D;\">1<\/td>\n      <td style=\"padding: 14px 18px; border: 1px solid #dde3e6; vertical-align: top; color: #2D2D2D;\">Premier appel<\/td>\n      <td style=\"padding: 14px 18px; border: 1px solid #dde3e6; vertical-align: top; color: #2D2D2D;\">\n  L\u2019\u00e9quipe de coordination de WIA re\u00e7oit le dossier de la compagnie d\u2019assurance ou de l\u2019h\u00f4pital. Un coordinateur m\u00e9dical est imm\u00e9diatement assign\u00e9. \n      <\/td>\n    <\/tr>\n    <tr style=\"background-color: #ffffff;\">\n      <td style=\"padding: 14px 18px; border: 1px solid #dde3e6; vertical-align: top; color: #2D2D2D;\">2<\/td>\n      <td style=\"padding: 14px 18px; border: 1px solid #dde3e6; vertical-align: top; color: #2D2D2D;\">\n        <u style=\"text-decoration-color:#EE4C1F;\">\u00c9valuation m\u00e9dicale<\/u>\n      <\/td> \n      <td style=\"padding: 14px 18px; border: 1px solid #dde3e6; vertical-align: top; color: #2D2D2D;\">\n  Le coordinateur examine le dossier clinique du patient en contact avec le m\u00e9decin traitant du CHU de Martinique, du CHU de Guadeloupe ou de toute autre structure d\u2019accueil sur une autre \u00eele. La destination, les options de parcours et les exigences cliniques sont \u00e9valu\u00e9es simultan\u00e9ment. \n      <\/td>\n    <\/tr>\n    <tr style=\"background-color: #EDF1F3;\">\n      <td style=\"padding: 14px 18px; border: 1px solid #dde3e6; vertical-align: top; color: #2D2D2D;\">3<\/td>\n      <td style=\"padding: 14px 18px; border: 1px solid #dde3e6; vertical-align: top; color: #2D2D2D;\">S\u00e9lection des op\u00e9rateurs<\/td>\n      <td style=\"padding: 14px 18px; border: 1px solid #dde3e6; vertical-align: top; color: #2D2D2D;\">\n  WIA s\u00e9lectionne un op\u00e9rateur d\u2019ambulance a\u00e9rienne certifi\u00e9 parmi son r\u00e9seau partenaire en fonction du type d\u2019appareil, du mat\u00e9riel m\u00e9dical embarqu\u00e9 et de la disponibilit\u00e9. L\u2019appareil est configur\u00e9 selon les besoins cliniques sp\u00e9cifiques du patient avant le d\u00e9part. \n      <\/td>\n    <\/tr>\n    <tr style=\"background-color: #ffffff;\">\n      <td style=\"padding: 14px 18px; border: 1px solid #dde3e6; vertical-align: top; color: #2D2D2D;\">4<\/td>\n      <td style=\"padding: 14px 18px; border: 1px solid #dde3e6; vertical-align: top; color: #2D2D2D;\">Coordination au sol<\/td>\n      <td style=\"padding: 14px 18px; border: 1px solid #dde3e6; vertical-align: top; color: #2D2D2D;\">\n  Une ambulance routi\u00e8re transf\u00e8re le patient de l\u2019h\u00f4pital vers l\u2019a\u00e9roport de d\u00e9part. \u00c0 destination, un transport terrestre est organis\u00e9 vers l\u2019\u00e9tablissement m\u00e9dical de r\u00e9ception ou le domicile du patient. \n      <\/td>\n    <\/tr>\n    <tr style=\"background-color: #EDF1F3;\">\n      <td style=\"padding: 14px 18px; border: 1px solid #dde3e6; vertical-align: top; color: #2D2D2D;\">5<\/td>\n      <td style=\"padding: 14px 18px; border: 1px solid #dde3e6; vertical-align: top; color: #2D2D2D;\">Vol et transfert<\/td>\n      <td style=\"padding: 14px 18px; border: 1px solid #dde3e6; vertical-align: top; color: #2D2D2D;\">\n  L\u2019\u00e9quipe m\u00e9dicale \u00e0 bord assure une surveillance continue tout au long du vol. Le centre de coordination de WIA reste en contact avec l\u2019a\u00e9ronef et l\u2019installation de r\u00e9ception tout au long de la mission. Un rapport complet de passation est fourni \u00e0 l\u2019arriv\u00e9e.  \n      <\/td>\n    <\/tr>\n  <\/tbody>\n<\/table>\t\t\t\t\t\t\t\t<\/div>\n\t\t\t\t<\/div>\n\t\t\t\t<div class=\"elementor-element elementor-element-aef9b24 elementor-widget elementor-widget-image\" data-id=\"aef9b24\" data-element_type=\"widget\" data-e-type=\"widget\" data-widget_type=\"image.default\">\n\t\t\t\t<div class=\"elementor-widget-container\">\n\t\t\t\t\t\t\t\t\t\t\t\t\t\t\t<img loading=\"lazy\" decoding=\"async\" width=\"525\" height=\"293\" src=\"https:\/\/westindies-assistance.com\/wp-content\/uploads\/2026\/07\/Air-ambulance-medical-transport-1-1024x572.jpg\" class=\"attachment-large size-large wp-image-7319\" alt=\"Coordination d\u2019ambulance a\u00e9rienne aile \u00e0 aile : transfert de patients entre la porte d\u2019arriv\u00e9e commerciale et l\u2019ambulance a\u00e9rienne priv\u00e9e \u00e0 l\u2019a\u00e9roport Paris Charles de Gaulle\" srcset=\"https:\/\/westindies-assistance.com\/wp-content\/uploads\/2026\/07\/Air-ambulance-medical-transport-1-1024x572.jpg 1024w, https:\/\/westindies-assistance.com\/wp-content\/uploads\/2026\/07\/Air-ambulance-medical-transport-1-300x167.jpg 300w, https:\/\/westindies-assistance.com\/wp-content\/uploads\/2026\/07\/Air-ambulance-medical-transport-1-768x429.jpg 768w, https:\/\/westindies-assistance.com\/wp-content\/uploads\/2026\/07\/Air-ambulance-medical-transport-1.jpg 1376w\" sizes=\"(max-width: 525px) 100vw, 525px\" \/>\t\t\t\t\t\t\t\t\t\t\t\t\t\t\t<\/div>\n\t\t\t\t<\/div>\n\t\t\t\t\t<\/div>\n\t\t\t\t<\/div>\n\t\t<div class=\"elementor-element elementor-element-eeee045 e-flex e-con-boxed e-con e-parent\" data-id=\"eeee045\" data-element_type=\"container\" data-e-type=\"container\">\n\t\t\t\t\t<div class=\"e-con-inner\">\n\t\t\t\t<div class=\"elementor-element elementor-element-717b34c elementor-widget elementor-widget-text-editor\" data-id=\"717b34c\" data-element_type=\"widget\" data-e-type=\"widget\" data-widget_type=\"text-editor.default\">\n\t\t\t\t<div class=\"elementor-widget-container\">\n\t\t\t\t\t\t\t\t\t<h3>Coordination des compagnies d\u2019assurance et documentation du transport m\u00e9dical<\/h3><p>Dans la plupart des cas, la compagnie d\u2019assurance du patient contacte le WIA pour ouvrir la mission. WIA travaille directement avec les compagnies d\u2019assurance sur la pr\u00e9-autorisation, la documentation des co\u00fbts et les mises \u00e0 jour en temps r\u00e9el. Lorsqu\u2019un patient n\u2019est pas couvert, WIA accepte des mandats directs des patients et de leurs familles avec des tarifs transparents avant tout engagement.  <\/p><p><strong>\u2192 <\/strong><a href=\"https:\/\/westindies-assistance.com\/en\/contact\/b2b-contact\/\">Compagnies d\u2019assurance : coordination B2B et soumission de dossiers<\/a><\/p><p><strong>\u2192 <\/strong><a href=\"https:\/\/westindies-assistance.com\/en\/contact\/b2c-quote\/\">Patients et familles : contact direct et tarification<\/a><\/p>\t\t\t\t\t\t\t\t<\/div>\n\t\t\t\t<\/div>\n\t\t\t\t\t<\/div>\n\t\t\t\t<\/div>\n\t\t<div class=\"elementor-element elementor-element-7d793ba e-flex e-con-boxed e-con e-parent\" data-id=\"7d793ba\" data-element_type=\"container\" data-e-type=\"container\">\n\t\t\t\t\t<div class=\"e-con-inner\">\n\t\t\t\t<div class=\"elementor-element elementor-element-b9aa7b6 elementor-widget elementor-widget-text-editor\" data-id=\"b9aa7b6\" data-element_type=\"widget\" data-e-type=\"widget\" data-widget_type=\"text-editor.default\">\n\t\t\t\t<div class=\"elementor-widget-container\">\n\t\t\t\t\t\t\t\t\t<h2>Services de rapatriement en ambulance a\u00e9rienne pour les assureurs et les \u00e9quipes m\u00e9dicales<\/h2><h3>Pourquoi les assureurs font confiance au WIA pour la coordination des ambulances a\u00e9riennes en soins intensifs<\/h3><p>Plus de 150 assureurs internationaux d\u00e9pendent de la WIA, y compris la plupart des aides fran\u00e7aises, telles que Europ Assistance, AXA Assistance, Allianz Global Assistance, Inter Mutuelles Assistance, Mutuaide, Fidelia et FILA. Le WIA consid\u00e8re toujours les options commerciales avant de proposer un avion d\u00e9di\u00e9. Une mission d\u2019ambulance a\u00e9rienne n\u2019est recommand\u00e9e que lorsque l\u2019itin\u00e9raire ou le planning en fait la bonne d\u00e9cision. Les assureurs savent que le WIA ne choisira pas la solution la plus co\u00fbteuse lorsqu\u2019une solution moins ch\u00e8re fait le travail.   <\/p><h3>R\u00e9f\u00e9rences hospitali\u00e8res et services de vol m\u00e9dical de la CHU de Martinique<\/h3><p>Le CHU de Martinique \u00e0 Fort-de-France, h\u00f4pital de r\u00e9f\u00e9rence pour les Cara\u00efbes fran\u00e7aises fonctionnant selon les normes europ\u00e9ennes des h\u00f4pitaux universitaires, coordonne directement avec le WIA les transferts complexes. Le CHU de Guadeloupe \u00e0 Pointe-\u00e0-Pitre fait de m\u00eame. Lorsque la destination ou l\u2019\u00e9tat d\u2019un patient exclut un vol commercial, les professionnels de sant\u00e9 de l\u2019h\u00f4pital appellent le WIA et le travail commence \u00e0 partir de cette conversation.  <\/p><p><strong>\u2192 <\/strong><a href=\"https:\/\/westindies-assistance.com\/en\/contact\/emergency\/\">Parler \u00e0 un coordinateur de la WIA 24h\/24 et 7j<\/a>\/7<\/p><p><strong>\u2192 <\/strong><a href=\"https:\/\/westindies-assistance.com\/en\/contact\/b2c-quote\/\">Demandez un devis pour une mission d\u2019ambulance a\u00e9rienne<\/a><\/p><p><strong>\u2192 <\/strong><a href=\"https:\/\/westindies-assistance.com\/fr\/rapatriements-sanitaires\/comment-ca-marche\/\">Processus complet de rapatriement : premier appel \u00e0 l\u2019arriv\u00e9e<\/a><\/p>\t\t\t\t\t\t\t\t<\/div>\n\t\t\t\t<\/div>\n\t\t\t\t\t<\/div>\n\t\t\t\t<\/div>\n\t\t<div class=\"elementor-element elementor-element-a5d19a7 e-flex e-con-boxed e-con e-parent\" data-id=\"a5d19a7\" data-element_type=\"container\" data-e-type=\"container\">\n\t\t\t\t\t<div class=\"e-con-inner\">\n\t\t\t\t<div class=\"elementor-element elementor-element-fa18cbf elementor-widget elementor-widget-text-editor\" data-id=\"fa18cbf\" data-element_type=\"widget\" data-e-type=\"widget\" data-widget_type=\"text-editor.default\">\n\t\t\t\t<div class=\"elementor-widget-container\">\n\t\t\t\t\t\t\t\t\t<h2>Foire aux questions : Transport m\u00e9dical en ambulance a\u00e9rienne<\/h2>\t\t\t\t\t\t\t\t<\/div>\n\t\t\t\t<\/div>\n\t\t\t\t<div class=\"elementor-element elementor-element-d12f9c7 elementor-widget elementor-widget-n-accordion\" data-id=\"d12f9c7\" data-element_type=\"widget\" data-e-type=\"widget\" data-settings=\"{&quot;default_state&quot;:&quot;expanded&quot;,&quot;max_items_expended&quot;:&quot;one&quot;,&quot;n_accordion_animation_duration&quot;:{&quot;unit&quot;:&quot;ms&quot;,&quot;size&quot;:400,&quot;sizes&quot;:[]}}\" data-widget_type=\"nested-accordion.default\">\n\t\t\t\t<div class=\"elementor-widget-container\">\n\t\t\t\t\t\t\t<div class=\"e-n-accordion\" aria-label=\"Accordion. Open links with Enter or Space, close with Escape, and navigate with Arrow Keys\">\n\t\t\t\t\t\t<details id=\"e-n-accordion-item-2190\" class=\"e-n-accordion-item\" open>\n\t\t\t\t<summary class=\"e-n-accordion-item-title\" data-accordion-index=\"1\" tabindex=\"0\" aria-expanded=\"true\" aria-controls=\"e-n-accordion-item-2190\" >\n\t\t\t\t\t<span class='e-n-accordion-item-title-header'><div class=\"e-n-accordion-item-title-text\"> Quand le WIA recommande-t-il une ambulance a\u00e9rienne plut\u00f4t qu\u2019une civi\u00e8re commerciale ? <\/div><\/span>\n\t\t\t\t\t\t\t<span class='e-n-accordion-item-title-icon'>\n\t\t\t<span class='e-opened' ><i aria-hidden=\"true\" class=\"fas fa-minus\"><\/i><\/span>\n\t\t\t<span class='e-closed'><i aria-hidden=\"true\" class=\"fas fa-plus\"><\/i><\/span>\n\t\t<\/span>\n\n\t\t\t\t\t\t<\/summary>\n\t\t\t\t<div role=\"region\" aria-labelledby=\"e-n-accordion-item-2190\" class=\"elementor-element elementor-element-7a7b657 e-con-full e-flex e-con e-child\" data-id=\"7a7b657\" data-element_type=\"container\" data-e-type=\"container\">\n\t\t\t\t<div class=\"elementor-element elementor-element-1bf84fb elementor-widget elementor-widget-text-editor\" data-id=\"1bf84fb\" data-element_type=\"widget\" data-e-type=\"widget\" data-widget_type=\"text-editor.default\">\n\t\t\t\t<div class=\"elementor-widget-container\">\n\t\t\t\t\t\t\t\t\t<p>Le facteur principal est la destination. Si le domicile du patient est situ\u00e9 pr\u00e8s d\u2019un petit a\u00e9roport r\u00e9gional non desservi par les compagnies a\u00e9riennes commerciales, une civi\u00e8re commerciale n\u2019est pas une option. Les services d\u2019ambulance a\u00e9rienne atteignent les a\u00e9roports o\u00f9 les vols r\u00e9guliers ne le font pas. WIA coordonne \u00e9galement les services d\u2019\u00e9vacuation m\u00e9dicale en ambulance a\u00e9rienne pour les transferts d\u2019une aile \u00e0 l\u2019autre lorsqu\u2019un patient a besoin d\u2019un second tron\u00e7on d\u00e9di\u00e9 apr\u00e8s un vol commercial entrant   <\/p>\t\t\t\t\t\t\t\t<\/div>\n\t\t\t\t<\/div>\n\t\t\t\t<\/div>\n\t\t\t\t\t<\/details>\n\t\t\t\t\t\t<details id=\"e-n-accordion-item-2191\" class=\"e-n-accordion-item\" >\n\t\t\t\t<summary class=\"e-n-accordion-item-title\" data-accordion-index=\"2\" tabindex=\"-1\" aria-expanded=\"false\" aria-controls=\"e-n-accordion-item-2191\" >\n\t\t\t\t\t<span class='e-n-accordion-item-title-header'><div class=\"e-n-accordion-item-title-text\"> Une ambulance a\u00e9rienne ne transporte-t-elle que des patients gravement malades ? <\/div><\/span>\n\t\t\t\t\t\t\t<span class='e-n-accordion-item-title-icon'>\n\t\t\t<span class='e-opened' ><i aria-hidden=\"true\" class=\"fas fa-minus\"><\/i><\/span>\n\t\t\t<span class='e-closed'><i aria-hidden=\"true\" class=\"fas fa-plus\"><\/i><\/span>\n\t\t<\/span>\n\n\t\t\t\t\t\t<\/summary>\n\t\t\t\t<div role=\"region\" aria-labelledby=\"e-n-accordion-item-2191\" class=\"elementor-element elementor-element-685b437 e-con-full e-flex e-con e-child\" data-id=\"685b437\" data-element_type=\"container\" data-e-type=\"container\">\n\t\t\t\t<div class=\"elementor-element elementor-element-f16a2ff elementor-widget elementor-widget-text-editor\" data-id=\"f16a2ff\" data-element_type=\"widget\" data-e-type=\"widget\" data-widget_type=\"text-editor.default\">\n\t\t\t\t<div class=\"elementor-widget-container\">\n\t\t\t\t\t\t\t\t\t<p>Non. La d\u00e9cision d\u00e9pend de la destination et de l\u2019itin\u00e9raire, et non seulement de la gravit\u00e9 clinique. Un patient ayant de graves besoins m\u00e9dicaux, dont la maison est pr\u00e8s de Francfort, voyage en civi\u00e8re commerciale \u00e0 bord d\u2019Air France. Un patient stable rentrant chez lui pr\u00e8s d\u2019un petit a\u00e9roport r\u00e9gional a besoin d\u2019un avion d\u00e9di\u00e9. L\u2019\u00e9tat clinique d\u00e9termine l\u2019\u00e9quipement m\u00e9dical et l\u2019\u00e9quipage \u00e0 bord, pas le mode de transport.    <\/p>\t\t\t\t\t\t\t\t<\/div>\n\t\t\t\t<\/div>\n\t\t\t\t<\/div>\n\t\t\t\t\t<\/details>\n\t\t\t\t\t\t<details id=\"e-n-accordion-item-2192\" class=\"e-n-accordion-item\" >\n\t\t\t\t<summary class=\"e-n-accordion-item-title\" data-accordion-index=\"3\" tabindex=\"-1\" aria-expanded=\"false\" aria-controls=\"e-n-accordion-item-2192\" >\n\t\t\t\t\t<span class='e-n-accordion-item-title-header'><div class=\"e-n-accordion-item-title-text\"> Quel \u00e9quipement m\u00e9dical se trouve \u00e0 bord d\u2019une ambulance a\u00e9rienne coordonn\u00e9e par le WIA ? <\/div><\/span>\n\t\t\t\t\t\t\t<span class='e-n-accordion-item-title-icon'>\n\t\t\t<span class='e-opened' ><i aria-hidden=\"true\" class=\"fas fa-minus\"><\/i><\/span>\n\t\t\t<span class='e-closed'><i aria-hidden=\"true\" class=\"fas fa-plus\"><\/i><\/span>\n\t\t<\/span>\n\n\t\t\t\t\t\t<\/summary>\n\t\t\t\t<div role=\"region\" aria-labelledby=\"e-n-accordion-item-2192\" class=\"elementor-element elementor-element-a45c612 e-con-full e-flex e-con e-child\" data-id=\"a45c612\" data-element_type=\"container\" data-e-type=\"container\">\n\t\t\t\t<div class=\"elementor-element elementor-element-5d180a7 elementor-widget elementor-widget-text-editor\" data-id=\"5d180a7\" data-element_type=\"widget\" data-e-type=\"widget\" data-widget_type=\"text-editor.default\">\n\t\t\t\t<div class=\"elementor-widget-container\">\n\t\t\t\t\t\t\t\t\t<p>L\u2019avion est configur\u00e9 selon les besoins cliniques du patient avant le d\u00e9part. L\u2019\u00e9quipement standard pour les missions d\u2019ambulance a\u00e9rienne en soins critiques comprend un ventilateur, un moniteur cardiaque, un d\u00e9fibrillateur, des pompes \u00e0 perfusion, un apport en oxyg\u00e8ne et des m\u00e9dicaments d\u2019urgence. Le coordinateur de vol informe l\u2019\u00e9quipe m\u00e9dicale du dossier du patient avant le d\u00e9collage.  <\/p>\t\t\t\t\t\t\t\t<\/div>\n\t\t\t\t<\/div>\n\t\t\t\t<\/div>\n\t\t\t\t\t<\/details>\n\t\t\t\t\t\t<details id=\"e-n-accordion-item-2193\" class=\"e-n-accordion-item\" >\n\t\t\t\t<summary class=\"e-n-accordion-item-title\" data-accordion-index=\"4\" tabindex=\"-1\" aria-expanded=\"false\" aria-controls=\"e-n-accordion-item-2193\" >\n\t\t\t\t\t<span class='e-n-accordion-item-title-header'><div class=\"e-n-accordion-item-title-text\"> \u00c0 quelle vitesse le WIA peut-il mobiliser une ambulance a\u00e9rienne depuis la Martinique ou la Guadeloupe ? <\/div><\/span>\n\t\t\t\t\t\t\t<span class='e-n-accordion-item-title-icon'>\n\t\t\t<span class='e-opened' ><i aria-hidden=\"true\" class=\"fas fa-minus\"><\/i><\/span>\n\t\t\t<span class='e-closed'><i aria-hidden=\"true\" class=\"fas fa-plus\"><\/i><\/span>\n\t\t<\/span>\n\n\t\t\t\t\t\t<\/summary>\n\t\t\t\t<div role=\"region\" aria-labelledby=\"e-n-accordion-item-2193\" class=\"elementor-element elementor-element-11d445a e-con-full e-flex e-con e-child\" data-id=\"11d445a\" data-element_type=\"container\" data-e-type=\"container\">\n\t\t\t\t<div class=\"elementor-element elementor-element-210dcc6 elementor-widget elementor-widget-text-editor\" data-id=\"210dcc6\" data-element_type=\"widget\" data-e-type=\"widget\" data-widget_type=\"text-editor.default\">\n\t\t\t\t<div class=\"elementor-widget-container\">\n\t\t\t\t\t\t\t\t\t<p>Pour les cas urgents, WIA peut mobiliser un op\u00e9rateur certifi\u00e9 dans les quelques heures suivant le premier appel. L\u2019\u00e9valuation m\u00e9dicale et la s\u00e9lection de l\u2019op\u00e9rateur se d\u00e9roulent simultan\u00e9ment. L\u2019\u00e9quipe de coordination de WIA intervient aux nouveaux cas en quelques minutes, 24 heures sur 24.  <\/p>\t\t\t\t\t\t\t\t<\/div>\n\t\t\t\t<\/div>\n\t\t\t\t<\/div>\n\t\t\t\t\t<\/details>\n\t\t\t\t\t\t<details id=\"e-n-accordion-item-2194\" class=\"e-n-accordion-item\" >\n\t\t\t\t<summary class=\"e-n-accordion-item-title\" data-accordion-index=\"5\" tabindex=\"-1\" aria-expanded=\"false\" aria-controls=\"e-n-accordion-item-2194\" >\n\t\t\t\t\t<span class='e-n-accordion-item-title-header'><div class=\"e-n-accordion-item-title-text\"> Qui paie le rapatriement d\u2019une ambulance a\u00e9rienne ? <\/div><\/span>\n\t\t\t\t\t\t\t<span class='e-n-accordion-item-title-icon'>\n\t\t\t<span class='e-opened' ><i aria-hidden=\"true\" class=\"fas fa-minus\"><\/i><\/span>\n\t\t\t<span class='e-closed'><i aria-hidden=\"true\" class=\"fas fa-plus\"><\/i><\/span>\n\t\t<\/span>\n\n\t\t\t\t\t\t<\/summary>\n\t\t\t\t<div role=\"region\" aria-labelledby=\"e-n-accordion-item-2194\" class=\"elementor-element elementor-element-bbe9460 e-con-full e-flex e-con e-child\" data-id=\"bbe9460\" data-element_type=\"container\" data-e-type=\"container\">\n\t\t\t\t<div class=\"elementor-element elementor-element-0bb85e1 elementor-widget elementor-widget-text-editor\" data-id=\"0bb85e1\" data-element_type=\"widget\" data-e-type=\"widget\" data-widget_type=\"text-editor.default\">\n\t\t\t\t<div class=\"elementor-widget-container\">\n\t\t\t\t\t\t\t\t\t<p>Dans la plupart des cas, la compagnie d\u2019assurance du patient prend en charge les frais. WIA travaille directement avec les compagnies d\u2019assurance pour la pr\u00e9autorisation et la documentation. Lorsqu\u2019un patient n\u2019est pas couvert, le WIA accepte les obligations directes et fournit des tarifs transparents avant tout engagement pris.  <\/p>\t\t\t\t\t\t\t\t<\/div>\n\t\t\t\t<\/div>\n\t\t\t\t<\/div>\n\t\t\t\t\t<\/details>\n\t\t\t\t\t\t<details id=\"e-n-accordion-item-2195\" class=\"e-n-accordion-item\" >\n\t\t\t\t<summary class=\"e-n-accordion-item-title\" data-accordion-index=\"6\" tabindex=\"-1\" aria-expanded=\"false\" aria-controls=\"e-n-accordion-item-2195\" >\n\t\t\t\t\t<span class='e-n-accordion-item-title-header'><div class=\"e-n-accordion-item-title-text\"> Les membres de la famille peuvent-ils voyager en ambulance a\u00e9rienne avec le patient ? <\/div><\/span>\n\t\t\t\t\t\t\t<span class='e-n-accordion-item-title-icon'>\n\t\t\t<span class='e-opened' ><i aria-hidden=\"true\" class=\"fas fa-minus\"><\/i><\/span>\n\t\t\t<span class='e-closed'><i aria-hidden=\"true\" class=\"fas fa-plus\"><\/i><\/span>\n\t\t<\/span>\n\n\t\t\t\t\t\t<\/summary>\n\t\t\t\t<div role=\"region\" aria-labelledby=\"e-n-accordion-item-2195\" class=\"elementor-element elementor-element-5c35cc5 e-con-full e-flex e-con e-child\" data-id=\"5c35cc5\" data-element_type=\"container\" data-e-type=\"container\">\n\t\t\t\t<div class=\"elementor-element elementor-element-f531545 elementor-widget elementor-widget-text-editor\" data-id=\"f531545\" data-element_type=\"widget\" data-e-type=\"widget\" data-widget_type=\"text-editor.default\">\n\t\t\t\t<div class=\"elementor-widget-container\">\n\t\t\t\t\t\t\t\t\t<p>Dans certains cas, oui, selon le type d\u2019avion et le mat\u00e9riel m\u00e9dical \u00e0 bord. L\u2019\u00e9quipe de WIA conseille cela lors de la planification. Lorsque l\u2019espace ne le permet pas, WIA peut r\u00e9server un vol commercial pour le membre de la famille sur la m\u00eame ligne, en partant en m\u00eame temps.  <\/p>\t\t\t\t\t\t\t\t<\/div>\n\t\t\t\t<\/div>\n\t\t\t\t<\/div>\n\t\t\t\t\t<\/details>\n\t\t\t\t\t<\/div>\n\t\t\t\t\t<script type=\"application\/ld+json\">{\"@context\":\"https:\\\/\\\/schema.org\",\"@type\":\"FAQPage\",\"mainEntity\":[{\"@type\":\"Question\",\"name\":\"Quand le WIA recommande-t-il une ambulance a\\u00e9rienne plut\\u00f4t qu\\u2019une civi\\u00e8re commerciale ?\",\"acceptedAnswer\":{\"@type\":\"Answer\",\"text\":\"Le facteur principal est la destination. Si le domicile du patient est situ\\u00e9 pr\\u00e8s d\\u2019un petit a\\u00e9roport r\\u00e9gional non desservi par les compagnies a\\u00e9riennes commerciales, une civi\\u00e8re commerciale n\\u2019est pas une option. Les services d\\u2019ambulance a\\u00e9rienne atteignent les a\\u00e9roports o\\u00f9 les vols r\\u00e9guliers ne le font pas. WIA coordonne \\u00e9galement les services d\\u2019\\u00e9vacuation m\\u00e9dicale en ambulance a\\u00e9rienne pour les transferts d\\u2019une aile \\u00e0 l\\u2019autre lorsqu\\u2019un patient a besoin d\\u2019un second tron\\u00e7on d\\u00e9di\\u00e9 apr\\u00e8s un vol commercial entrant\"}},{\"@type\":\"Question\",\"name\":\"Une ambulance a\\u00e9rienne ne transporte-t-elle que des patients gravement malades ?\",\"acceptedAnswer\":{\"@type\":\"Answer\",\"text\":\"Non. La d\\u00e9cision d\\u00e9pend de la destination et de l\\u2019itin\\u00e9raire, et non seulement de la gravit\\u00e9 clinique. Un patient ayant de graves besoins m\\u00e9dicaux, dont la maison est pr\\u00e8s de Francfort, voyage en civi\\u00e8re commerciale \\u00e0 bord d\\u2019Air France. Un patient stable rentrant chez lui pr\\u00e8s d\\u2019un petit a\\u00e9roport r\\u00e9gional a besoin d\\u2019un avion d\\u00e9di\\u00e9. L\\u2019\\u00e9tat clinique d\\u00e9termine l\\u2019\\u00e9quipement m\\u00e9dical et l\\u2019\\u00e9quipage \\u00e0 bord, pas le mode de transport.\"}},{\"@type\":\"Question\",\"name\":\"Quel \\u00e9quipement m\\u00e9dical se trouve \\u00e0 bord d\\u2019une ambulance a\\u00e9rienne coordonn\\u00e9e par le WIA ?\",\"acceptedAnswer\":{\"@type\":\"Answer\",\"text\":\"L\\u2019avion est configur\\u00e9 selon les besoins cliniques du patient avant le d\\u00e9part. L\\u2019\\u00e9quipement standard pour les missions d\\u2019ambulance a\\u00e9rienne en soins critiques comprend un ventilateur, un moniteur cardiaque, un d\\u00e9fibrillateur, des pompes \\u00e0 perfusion, un apport en oxyg\\u00e8ne et des m\\u00e9dicaments d\\u2019urgence. Le coordinateur de vol informe l\\u2019\\u00e9quipe m\\u00e9dicale du dossier du patient avant le d\\u00e9collage.\"}},{\"@type\":\"Question\",\"name\":\"\\u00c0 quelle vitesse le WIA peut-il mobiliser une ambulance a\\u00e9rienne depuis la Martinique ou la Guadeloupe ?\",\"acceptedAnswer\":{\"@type\":\"Answer\",\"text\":\"Pour les cas urgents, WIA peut mobiliser un op\\u00e9rateur certifi\\u00e9 dans les quelques heures suivant le premier appel. L\\u2019\\u00e9valuation m\\u00e9dicale et la s\\u00e9lection de l\\u2019op\\u00e9rateur se d\\u00e9roulent simultan\\u00e9ment. L\\u2019\\u00e9quipe de coordination de WIA intervient aux nouveaux cas en quelques minutes, 24 heures sur 24.\"}},{\"@type\":\"Question\",\"name\":\"Qui paie le rapatriement d\\u2019une ambulance a\\u00e9rienne ?\",\"acceptedAnswer\":{\"@type\":\"Answer\",\"text\":\"Dans la plupart des cas, la compagnie d\\u2019assurance du patient prend en charge les frais. WIA travaille directement avec les compagnies d\\u2019assurance pour la pr\\u00e9autorisation et la documentation. Lorsqu\\u2019un patient n\\u2019est pas couvert, le WIA accepte les obligations directes et fournit des tarifs transparents avant tout engagement pris.\"}},{\"@type\":\"Question\",\"name\":\"Les membres de la famille peuvent-ils voyager en ambulance a\\u00e9rienne avec le patient ?\",\"acceptedAnswer\":{\"@type\":\"Answer\",\"text\":\"Dans certains cas, oui, selon le type d\\u2019avion et le mat\\u00e9riel m\\u00e9dical \\u00e0 bord. L\\u2019\\u00e9quipe de WIA conseille cela lors de la planification. Lorsque l\\u2019espace ne le permet pas, WIA peut r\\u00e9server un vol commercial pour le membre de la famille sur la m\\u00eame ligne, en partant en m\\u00eame temps.\"}}]}<\/script>\n\t\t\t\t\t\t\t<\/div>\n\t\t\t\t<\/div>\n\t\t\t\t\t<\/div>\n\t\t\t\t<\/div>\n\t\t<div class=\"elementor-element elementor-element-fc4f173 e-flex e-con-boxed e-con e-parent\" data-id=\"fc4f173\" data-element_type=\"container\" data-e-type=\"container\">\n\t\t\t\t\t<div class=\"e-con-inner\">\n\t\t\t\t<div class=\"elementor-element elementor-element-bfb1f33 elementor-widget elementor-widget-text-editor\" data-id=\"bfb1f33\" data-element_type=\"widget\" data-e-type=\"widget\" data-widget_type=\"text-editor.default\">\n\t\t\t\t<div class=\"elementor-widget-container\">\n\t\t\t\t\t\t\t\t\t<h2>Besoin de services d\u2019ambulance a\u00e9rienne depuis la Martinique ou les Cara\u00efbes ?<\/h2>\t\t\t\t\t\t\t\t<\/div>\n\t\t\t\t<\/div>\n\t\t\t\t<div class=\"elementor-element elementor-element-2e5904d elementor-widget elementor-widget-image\" data-id=\"2e5904d\" data-element_type=\"widget\" data-e-type=\"widget\" data-widget_type=\"image.default\">\n\t\t\t\t<div class=\"elementor-widget-container\">\n\t\t\t\t\t\t\t\t\t\t\t\t\t\t\t<img loading=\"lazy\" decoding=\"async\" width=\"525\" height=\"293\" src=\"https:\/\/westindies-assistance.com\/wp-content\/uploads\/2026\/07\/Air-ambulance-medical-transport-5-1024x572.jpg\" class=\"attachment-large size-large wp-image-7323\" alt=\"CHU de Martinique \u00e0 Fort-de-France, h\u00f4pital de r\u00e9f\u00e9rence pour les Cara\u00efbes fran\u00e7aises et principal partenaire institutionnel de la WIA pour la coordination du rapatriement m\u00e9dical\" srcset=\"https:\/\/westindies-assistance.com\/wp-content\/uploads\/2026\/07\/Air-ambulance-medical-transport-5-1024x572.jpg 1024w, https:\/\/westindies-assistance.com\/wp-content\/uploads\/2026\/07\/Air-ambulance-medical-transport-5-300x167.jpg 300w, https:\/\/westindies-assistance.com\/wp-content\/uploads\/2026\/07\/Air-ambulance-medical-transport-5-768x429.jpg 768w, https:\/\/westindies-assistance.com\/wp-content\/uploads\/2026\/07\/Air-ambulance-medical-transport-5.jpg 1376w\" sizes=\"(max-width: 525px) 100vw, 525px\" \/>\t\t\t\t\t\t\t\t\t\t\t\t\t\t\t<\/div>\n\t\t\t\t<\/div>\n\t\t\t\t<div class=\"elementor-element elementor-element-36eb608 elementor-widget elementor-widget-text-editor\" data-id=\"36eb608\" data-element_type=\"widget\" data-e-type=\"widget\" data-widget_type=\"text-editor.default\">\n\t\t\t\t<div class=\"elementor-widget-container\">\n\t\t\t\t\t\t\t\t\t<p>L\u2019\u00e9quipe de coordination de WIA est disponible 24h\/24, tous les jours de l\u2019ann\u00e9e. Que vous soyez une compagnie d\u2019assurance ouvrant un dossier ou une famille essayant de ramener quelqu\u2019un chez lui, le premier appel est gratuit et l\u2019\u00e9valuation est imm\u00e9diate. <\/p><p><strong style=\"font-size: 18px;\">\u2192 <\/strong><a style=\"font-size: 18px; background-color: #ffffff;\" href=\"https:\/\/westindies-assistance.com\/en\/contact\/emergency\/\">Demander une \u00e9valuation d\u2019une ambulance a\u00e9rienne \u2014 24h\/24 et 7j\/7<\/a><\/p><p><strong>\u2192 <\/strong><a href=\"https:\/\/westindies-assistance.com\/fr\/rapatriements-sanitaires\/transport-solutions\/\">Comparez tous les services de transport m\u00e9dical<\/a><\/p><p><strong>\u2192 <\/strong><a href=\"https:\/\/westindies-assistance.com\/fr\/rapatriements-sanitaires\/comment-ca-marche\/\">Comment WIA coordonne le rapatriement m\u00e9dical du premier appel \u00e0 l\u2019arriv\u00e9e<\/a><\/p>\t\t\t\t\t\t\t\t<\/div>\n\t\t\t\t<\/div>\n\t\t\t\t\t<\/div>\n\t\t\t\t<\/div>\n\t\t\t\t<\/div>\n\t\t","protected":false},"excerpt":{"rendered":"<p>Un patient quittant le CHU de Martinique pour Paris voyage \u00e0 bord d\u2019Air France. Le m\u00eame patient, rentrant chez lui dans une ville non desservie par Air France, a besoin d\u2019une solution diff\u00e9rente pour la seconde \u00e9tape. C\u2019est \u00e0 ce moment-l\u00e0 que WIA fait appel \u00e0 un op\u00e9rateur d\u2019ambulance a\u00e9rienne certifi\u00e9. L\u2019appareil atterrit l\u00e0 o\u00f9 [&hellip;]<\/p>\n","protected":false},"author":1,"featured_media":7321,"parent":7338,"menu_order":0,"comment_status":"closed","ping_status":"closed","template":"","meta":{"footnotes":""},"class_list":["post-7318","page","type-page","status-publish","has-post-thumbnail","hentry"],"_links":{"self":[{"href":"https:\/\/westindies-assistance.com\/fr\/wp-json\/wp\/v2\/pages\/7318","targetHints":{"allow":["GET"]}}],"collection":[{"href":"https:\/\/westindies-assistance.com\/fr\/wp-json\/wp\/v2\/pages"}],"about":[{"href":"https:\/\/westindies-assistance.com\/fr\/wp-json\/wp\/v2\/types\/page"}],"author":[{"embeddable":true,"href":"https:\/\/westindies-assistance.com\/fr\/wp-json\/wp\/v2\/users\/1"}],"replies":[{"embeddable":true,"href":"https:\/\/westindies-assistance.com\/fr\/wp-json\/wp\/v2\/comments?post=7318"}],"version-history":[{"count":5,"href":"https:\/\/westindies-assistance.com\/fr\/wp-json\/wp\/v2\/pages\/7318\/revisions"}],"predecessor-version":[{"id":7391,"href":"https:\/\/westindies-assistance.com\/fr\/wp-json\/wp\/v2\/pages\/7318\/revisions\/7391"}],"up":[{"embeddable":true,"href":"https:\/\/westindies-assistance.com\/fr\/wp-json\/wp\/v2\/pages\/7338"}],"wp:featuredmedia":[{"embeddable":true,"href":"https:\/\/westindies-assistance.com\/fr\/wp-json\/wp\/v2\/media\/7321"}],"wp:attachment":[{"href":"https:\/\/westindies-assistance.com\/fr\/wp-json\/wp\/v2\/media?parent=7318"}],"curies":[{"name":"wp","href":"https:\/\/api.w.org\/{rel}","templated":true}]}}